{"id":998134,"date":"2024-02-16T16:20:32","date_gmt":"2024-02-16T15:20:32","guid":{"rendered":"https:\/\/www.lenotti.com\/lazienda-copy\/"},"modified":"2026-02-05T11:41:29","modified_gmt":"2026-02-05T10:41:29","slug":"azienda","status":"publish","type":"page","link":"https:\/\/www.lenotti.com\/de\/azienda\/","title":{"rendered":"L&#8217;Azienda"},"content":{"rendered":"<div data-elementor-type=\"wp-page\" data-elementor-id=\"998134\" class=\"elementor elementor-998134\" data-elementor-post-type=\"page\">\n\t\t\t\t\t\t\t\t\t<section class=\"elementor-section elementor-top-section elementor-element elementor-element-a39aec8 elementor-section-height-min-height elementor-section-content-bottom elementor-section-boxed elementor-section-height-default elementor-section-items-middle\" data-id=\"a39aec8\" data-element_type=\"section\" data-settings=\"{&quot;background_background&quot;:&quot;classic&quot;}\">\n\t\t\t\t\t\t\t<div class=\"elementor-background-overlay\"><\/div>\n\t\t\t\t\t\t\t<div class=\"elementor-container elementor-column-gap-default\">\n\t\t\t\t\t<div class=\"elementor-column elementor-col-100 elementor-top-column elementor-element elementor-element-b02e8b7\" data-id=\"b02e8b7\" data-element_type=\"column\">\n\t\t\t<div class=\"elementor-widget-wrap elementor-element-populated\">\n\t\t\t\t\t\t\t\t<div class=\"elementor-element elementor-element-b1ea8dd elementor-headline--style-blurred_letters animated-slow elementor-invisible elementor-widget elementor-widget-vamtam-animated-headline\" data-id=\"b1ea8dd\" data-element_type=\"widget\" data-settings=\"{&quot;headline_style&quot;:&quot;blurred_letters&quot;,&quot;vamtam_text&quot;:&quot;Dal 1906\\u2026ad oggi&quot;,&quot;_animation&quot;:&quot;fadeInUp&quot;}\" data-widget_type=\"vamtam-animated-headline.default\">\n\t\t\t\t<div class=\"elementor-widget-container\">\n\t\t\t\t\t\t\t<h1 class=\"elementor-headline translation-block\"><span style=\"color:#fff\">Von 1906...bis Heute<\/span><\/h1>\n\t\t\t\t\t\t<\/div>\n\t\t\t\t<\/div>\n\t\t\t\t\t<\/div>\n\t\t<\/div>\n\t\t\t\t\t\t\t<\/div>\n\t\t<\/section>\n\t\t\t\t<section class=\"elementor-section elementor-top-section elementor-element elementor-element-9f5016d elementor-section-boxed elementor-section-height-default elementor-section-height-default\" data-id=\"9f5016d\" data-element_type=\"section\">\n\t\t\t\t\t\t<div class=\"elementor-container elementor-column-gap-default\">\n\t\t\t\t\t<div class=\"elementor-column elementor-col-100 elementor-top-column elementor-element elementor-element-a93ace3\" data-id=\"a93ace3\" data-element_type=\"column\">\n\t\t\t<div class=\"elementor-widget-wrap\">\n\t\t\t\t\t\t\t\t\t<\/div>\n\t\t<\/div>\n\t\t\t\t\t\t\t<\/div>\n\t\t<\/section>\n\t\t\t\t<section class=\"elementor-section elementor-top-section elementor-element elementor-element-022c9e3 elementor-section-boxed elementor-section-height-default elementor-section-height-default\" data-id=\"022c9e3\" data-element_type=\"section\">\n\t\t\t\t\t\t<div class=\"elementor-container elementor-column-gap-default\">\n\t\t\t\t\t<div class=\"elementor-column elementor-col-100 elementor-top-column elementor-element elementor-element-69fa84d\" data-id=\"69fa84d\" data-element_type=\"column\">\n\t\t\t<div class=\"elementor-widget-wrap elementor-element-populated\">\n\t\t\t\t\t\t\t\t<div class=\"elementor-element elementor-element-702d863 elementor-widget elementor-widget-timeline-widget-addon\" data-id=\"702d863\" data-element_type=\"widget\" data-widget_type=\"timeline-widget-addon.default\">\n\t\t\t\t<div class=\"elementor-widget-container\">\n\t\t\t<!-- ========= Timeline Widget Addon For Elementor 1.6.0 ========= -->\r\n<div id=\"twae-wrapper-702d863\" class=\"twae-vertical twae-wrapper  twae-both-sided\">   \r\n    <div class=\"twae-start\"><\/div>    \r\n    <div id=\"twea-timeline-702d863\" class=\"twae-timeline\" ><!-- Start of Story Repeater Content --><div id=\"story-6062e4b\" class=\"twae-story twae-repeater-item twae-story-right twae-story-no-icon\"><!-- Story Label --><div class=\"twae-labels\"><div class=\"twae-label-big\">1855<\/div><\/div><!-- Story Icon --><div class=\"twae-icon\"><i aria-hidden=\"true\" class=\"fas fa-wine-glass\"><\/i><\/div><!-- Story Arrow --><div class=\"twae-arrow\"><\/div><!-- Start of Story Content --><div class=\"twae-content\"><!-- Story Title --><div class=\"twae-title\">Der Gr\u00fcnder: Alessandro Lenotti<\/div><!-- Story Image --><div class=\"twae-media large\"><img loading=\"lazy\" decoding=\"async\" width=\"748\" height=\"1024\" src=\"https:\/\/www.lenotti.com\/wp-content\/uploads\/2024\/11\/Alessandro-Lenotti-748x1024.jpg\" class=\"attachment-large size-large\" alt=\"\" srcset=\"https:\/\/www.lenotti.com\/wp-content\/uploads\/2024\/11\/Alessandro-Lenotti-748x1024.jpg 748w, https:\/\/www.lenotti.com\/wp-content\/uploads\/2024\/11\/Alessandro-Lenotti-219x300.jpg 219w, https:\/\/www.lenotti.com\/wp-content\/uploads\/2024\/11\/Alessandro-Lenotti-768x1051.jpg 768w, https:\/\/www.lenotti.com\/wp-content\/uploads\/2024\/11\/Alessandro-Lenotti-1122x1536.jpg 1122w, https:\/\/www.lenotti.com\/wp-content\/uploads\/2024\/11\/Alessandro-Lenotti-9x12.jpg 9w, https:\/\/www.lenotti.com\/wp-content\/uploads\/2024\/11\/Alessandro-Lenotti-630x862.jpg 630w, https:\/\/www.lenotti.com\/wp-content\/uploads\/2024\/11\/Alessandro-Lenotti-315x431.jpg 315w, https:\/\/www.lenotti.com\/wp-content\/uploads\/2024\/11\/Alessandro-Lenotti.jpg 1185w\" sizes=\"auto, (max-width: 748px) 100vw, 748px\" \/><\/div><!-- Story Description --><div class=\"twae-description\"><p style=\"text-align: center\"><strong>Im Jahr 1855 wurde Alessandro Lenotti geboren. Als hoher Magistrat und Grundbesitzer widmete er sein Leben seiner Arbeit als Richter und seiner gr\u00f6\u00dften Leidenschaft: dem Wein. Er sollte die erste Generation der Familie sein, die sich dem Weinbau widmete.<\/strong><\/p><\/div><\/div><\/div><!-- Start of Story Repeater Content --><div id=\"story-f612802\" class=\"twae-story twae-repeater-item twae-story-left twae-story-no-icon\"><!-- Story Label --><div class=\"twae-labels\"><div class=\"twae-label-big\">1884<\/div><\/div><!-- Story Icon --><div class=\"twae-icon\"><i aria-hidden=\"true\" class=\"fas fa-wine-glass\"><\/i><\/div><!-- Story Arrow --><div class=\"twae-arrow\"><\/div><!-- Start of Story Content --><div class=\"twae-content\"><!-- Story Title --><div class=\"twae-title\">Villa \u201ei Broi\u201c \u2013 das erste Weingut<\/div><!-- Story Image --><div class=\"twae-media large\"><img loading=\"lazy\" decoding=\"async\" width=\"744\" height=\"1024\" src=\"https:\/\/www.lenotti.com\/wp-content\/uploads\/2024\/11\/Fine-lavori-Villa-dei-Broi-744x1024.jpg\" class=\"attachment-large size-large\" alt=\"\" srcset=\"https:\/\/www.lenotti.com\/wp-content\/uploads\/2024\/11\/Fine-lavori-Villa-dei-Broi-744x1024.jpg 744w, https:\/\/www.lenotti.com\/wp-content\/uploads\/2024\/11\/Fine-lavori-Villa-dei-Broi-218x300.jpg 218w, https:\/\/www.lenotti.com\/wp-content\/uploads\/2024\/11\/Fine-lavori-Villa-dei-Broi-768x1057.jpg 768w, https:\/\/www.lenotti.com\/wp-content\/uploads\/2024\/11\/Fine-lavori-Villa-dei-Broi-1116x1536.jpg 1116w, https:\/\/www.lenotti.com\/wp-content\/uploads\/2024\/11\/Fine-lavori-Villa-dei-Broi-1488x2048.jpg 1488w, https:\/\/www.lenotti.com\/wp-content\/uploads\/2024\/11\/Fine-lavori-Villa-dei-Broi-9x12.jpg 9w, https:\/\/www.lenotti.com\/wp-content\/uploads\/2024\/11\/Fine-lavori-Villa-dei-Broi-630x867.jpg 630w, https:\/\/www.lenotti.com\/wp-content\/uploads\/2024\/11\/Fine-lavori-Villa-dei-Broi-1260x1734.jpg 1260w, https:\/\/www.lenotti.com\/wp-content\/uploads\/2024\/11\/Fine-lavori-Villa-dei-Broi-315x433.jpg 315w, https:\/\/www.lenotti.com\/wp-content\/uploads\/2024\/11\/Fine-lavori-Villa-dei-Broi.jpg 1792w\" sizes=\"auto, (max-width: 744px) 100vw, 744px\" \/><\/div><!-- Story Description --><div class=\"twae-description\"><p style=\"text-align: center\"><strong>Alessandro Lenotti lie\u00df die Villa \u201ei Broi\u201c in den H\u00fcgeln von Bardolino in einer wundersch\u00f6nen und zentralen Lage zu den zahlreichen Weinanbaugebieten der Familie errichten. Im Untergeschoss der Villa wurde der erste historische Weinkeller gebaut, der f\u00fcr damalige Verh\u00e4ltnisse als hochmodern galt und eine Kapazit\u00e4t von 150 Doppelzentnern (Quintalen) hatte.<\/strong><\/p><\/div><\/div><\/div><!-- Start of Story Repeater Content --><div id=\"story-336b310\" class=\"twae-story twae-repeater-item twae-story-right twae-story-no-icon\"><!-- Story Label --><div class=\"twae-labels\"><div class=\"twae-label-big\">1890-92-95<\/div><\/div><!-- Story Icon --><div class=\"twae-icon\"><i aria-hidden=\"true\" class=\"fas fa-wine-glass\"><\/i><\/div><!-- Story Arrow --><div class=\"twae-arrow\"><\/div><!-- Start of Story Content --><div class=\"twae-content\"><!-- Story Title --><div class=\"twae-title\">Die drei W\u00f6lfe des Lenotti-Logos<\/div><!-- Story Image --><div class=\"twae-media large\"><img loading=\"lazy\" decoding=\"async\" width=\"1024\" height=\"846\" src=\"https:\/\/www.lenotti.com\/wp-content\/uploads\/2024\/02\/LOGO-VECCHIO-LENOTTI-SENZA-SFONDO-1-1024x846.png\" class=\"attachment-large size-large\" alt=\"\" srcset=\"https:\/\/www.lenotti.com\/wp-content\/uploads\/2024\/02\/LOGO-VECCHIO-LENOTTI-SENZA-SFONDO-1-1024x846.png 1024w, https:\/\/www.lenotti.com\/wp-content\/uploads\/2024\/02\/LOGO-VECCHIO-LENOTTI-SENZA-SFONDO-1-300x248.png 300w, https:\/\/www.lenotti.com\/wp-content\/uploads\/2024\/02\/LOGO-VECCHIO-LENOTTI-SENZA-SFONDO-1-768x634.png 768w, https:\/\/www.lenotti.com\/wp-content\/uploads\/2024\/02\/LOGO-VECCHIO-LENOTTI-SENZA-SFONDO-1-1536x1269.png 1536w, https:\/\/www.lenotti.com\/wp-content\/uploads\/2024\/02\/LOGO-VECCHIO-LENOTTI-SENZA-SFONDO-1-2048x1692.png 2048w, https:\/\/www.lenotti.com\/wp-content\/uploads\/2024\/02\/LOGO-VECCHIO-LENOTTI-SENZA-SFONDO-1-15x12.png 15w, https:\/\/www.lenotti.com\/wp-content\/uploads\/2024\/02\/LOGO-VECCHIO-LENOTTI-SENZA-SFONDO-1-630x520.png 630w, https:\/\/www.lenotti.com\/wp-content\/uploads\/2024\/02\/LOGO-VECCHIO-LENOTTI-SENZA-SFONDO-1-1260x1041.png 1260w, https:\/\/www.lenotti.com\/wp-content\/uploads\/2024\/02\/LOGO-VECCHIO-LENOTTI-SENZA-SFONDO-1-315x260.png 315w\" sizes=\"auto, (max-width: 1024px) 100vw, 1024px\" \/><\/div><!-- Story Description --><div class=\"twae-description\"><p style=\"text-align: center\"><strong>Alessandro hatte drei Kinder:<\/strong><\/p><p style=\"text-align: center\"><strong>Emilio, geboren 1890, der sich durch sein b\u00fcrgerliches Engagement in der R\u00e9sistance w\u00e4hrend des Zweiten Weltkriegs auszeichnete und nach der Vertreibung der Faschisten \u201eRegent\u201c von Bardolino wurde;<\/strong><\/p><p style=\"text-align: center\"><strong>Ermenegildo, geboren 1892, der 1915 nach S\u00fcdamerika auswanderte, um dem Ersten Weltkrieg zu entgehen, und 1935 zur\u00fcckkehrte, um sich dem Wein zu widmen und damit der Leidenschaft seines Vaters zu folgen.<\/strong><\/p><p style=\"text-align: center\"><strong>Francesco, geboren 1895, wurde aufgrund seiner politischen Ansichten gegen das faschistische Regime w\u00e4hrend des Zweiten Weltkriegs inhaftiert und in das Konzentrationslager Mauthausen deportiert, wo er im Dezember 1944 auf tragische Weise ums Leben kam. Heute tr\u00e4gt die Seepromenade von Bardolino seinen Namen in Erinnerung an diese Trag\u00f6die.<\/strong><\/p><p style=\"text-align: center\"><strong>Die drei W\u00f6lfe, die den Mond anheulen und das Herzst\u00fcck des Lenotti-Familienlogos bilden, repr\u00e4sentieren die drei Br\u00fcder, die mit Opferbereitschaft, St\u00e4rke, Loyalit\u00e4t und unbezwingbarem Geist zur Geburt und zum Wachstum des Unternehmens Lenotti beigetragen haben.<\/strong><\/p><\/div><\/div><\/div><!-- Start of Story Repeater Content --><div id=\"story-75461e6\" class=\"twae-story twae-repeater-item twae-story-left twae-story-no-icon\"><!-- Story Label --><div class=\"twae-labels\"><div class=\"twae-label-big\">1906<\/div><\/div><!-- Story Icon --><div class=\"twae-icon\"><i aria-hidden=\"true\" class=\"fas fa-wine-glass\"><\/i><\/div><!-- Story Arrow --><div class=\"twae-arrow\"><\/div><!-- Start of Story Content --><div class=\"twae-content\"><!-- Story Title --><div class=\"twae-title\">Expo Mailand: die \u00d6nologische Karte der Provinz Verona<\/div><!-- Story Image --><div class=\"twae-media large\"><img loading=\"lazy\" decoding=\"async\" width=\"1024\" height=\"768\" src=\"https:\/\/www.lenotti.com\/wp-content\/uploads\/2024\/02\/IMG_7546-1024x768.jpg\" class=\"attachment-large size-large\" alt=\"\" srcset=\"https:\/\/www.lenotti.com\/wp-content\/uploads\/2024\/02\/IMG_7546-1024x768.jpg 1024w, https:\/\/www.lenotti.com\/wp-content\/uploads\/2024\/02\/IMG_7546-300x225.jpg 300w, https:\/\/www.lenotti.com\/wp-content\/uploads\/2024\/02\/IMG_7546-768x576.jpg 768w, https:\/\/www.lenotti.com\/wp-content\/uploads\/2024\/02\/IMG_7546-1536x1152.jpg 1536w, https:\/\/www.lenotti.com\/wp-content\/uploads\/2024\/02\/IMG_7546-2048x1535.jpg 2048w, https:\/\/www.lenotti.com\/wp-content\/uploads\/2024\/02\/IMG_7546-16x12.jpg 16w, https:\/\/www.lenotti.com\/wp-content\/uploads\/2024\/02\/IMG_7546-630x472.jpg 630w, https:\/\/www.lenotti.com\/wp-content\/uploads\/2024\/02\/IMG_7546-1260x945.jpg 1260w, https:\/\/www.lenotti.com\/wp-content\/uploads\/2024\/02\/IMG_7546-315x236.jpg 315w\" sizes=\"auto, (max-width: 1024px) 100vw, 1024px\" \/><\/div><!-- Story Description --><div class=\"twae-description\"><p style=\"text-align: center\"><strong>Obwohl die Weinproduktion der Familie Lenotti viel weiter zur\u00fcckreicht, wird 1906 als Gr\u00fcndungsjahr gew\u00e4hlt, da dies das erste offiziell dokumentierte Datum ist. In der \u201e\u00d6nologischen Karte der Provinz Verona \u2013 F\u00fchrer zu den wichtigsten Weinkellern\u201c, die anl\u00e4sslich der Mail\u00e4nder Expo von 1906 ver\u00f6ffentlicht wurde, erscheint der Name der Familie Lenotti erstmals unter den Weinproduzenten in Bardolino.<\/strong><\/p><\/div><\/div><\/div><!-- Start of Story Repeater Content --><div id=\"story-dfcd3d6\" class=\"twae-story twae-repeater-item twae-story-right twae-story-no-icon\"><!-- Story Label --><div class=\"twae-labels\"><div class=\"twae-label-big\">1912<\/div><\/div><!-- Story Icon --><div class=\"twae-icon\"><i aria-hidden=\"true\" class=\"far fa-clock\"><\/i><\/div><!-- Story Arrow --><div class=\"twae-arrow\"><\/div><!-- Start of Story Content --><div class=\"twae-content\"><!-- Story Title --><div class=\"twae-title\">Ermenegildo Lenotti mit 20 Jahren \u2013 die zweite Generation<\/div><!-- Story Image --><div class=\"twae-media large\"><img loading=\"lazy\" decoding=\"async\" width=\"687\" height=\"997\" src=\"https:\/\/www.lenotti.com\/wp-content\/uploads\/2025\/08\/CCF_000075_01.jpg\" class=\"attachment-large size-large\" alt=\"\" srcset=\"https:\/\/www.lenotti.com\/wp-content\/uploads\/2025\/08\/CCF_000075_01.jpg 687w, https:\/\/www.lenotti.com\/wp-content\/uploads\/2025\/08\/CCF_000075_01-207x300.jpg 207w, https:\/\/www.lenotti.com\/wp-content\/uploads\/2025\/08\/CCF_000075_01-8x12.jpg 8w, https:\/\/www.lenotti.com\/wp-content\/uploads\/2025\/08\/CCF_000075_01-630x914.jpg 630w, https:\/\/www.lenotti.com\/wp-content\/uploads\/2025\/08\/CCF_000075_01-315x457.jpg 315w\" sizes=\"auto, (max-width: 687px) 100vw, 687px\" \/><\/div><!-- Story Description --><div class=\"twae-description\"><p style=\"text-align: center\"><strong>Im Jahr 1912, im Alter von nur 20 Jahren, bereitete sich Ermenegildo Lenotti darauf vor, eine ungewisse Zukunft zu bew\u00e4ltigen. Er wurde Chemie- und \u00d6nologieexperte und wanderte 1915, um nicht in den Ersten Weltkrieg involviert zu werden, nach S\u00fcdamerika aus, wo er bis 1934 blieb. Diese lange Erfahrung erm\u00f6glichte es ihm, seine Kenntnisse in verschiedenen Produktionsbereichen zu erweitern und seine Leidenschaft f\u00fcr die Weinherstellung, die er von seinem Vater Alessandro geerbt hatte, zu festigen.<\/strong><\/p><\/div><\/div><\/div><!-- Start of Story Repeater Content --><div id=\"story-4d5ad41\" class=\"twae-story twae-repeater-item twae-story-left twae-story-no-icon\"><!-- Story Label --><div class=\"twae-labels\"><div class=\"twae-label-big\">1928<\/div><\/div><!-- Story Icon --><div class=\"twae-icon\"><i aria-hidden=\"true\" class=\"far fa-clock\"><\/i><\/div><!-- Story Arrow --><div class=\"twae-arrow\"><\/div><!-- Start of Story Content --><div class=\"twae-content\"><!-- Story Title --><div class=\"twae-title\">Alessandro Lenotti f\u00fchrt das Wachstum des Unternehmens fort<\/div><!-- Story Image --><div class=\"twae-media large\"><img loading=\"lazy\" decoding=\"async\" width=\"727\" height=\"1024\" src=\"https:\/\/www.lenotti.com\/wp-content\/uploads\/2025\/08\/CCF_000078_01-727x1024.jpg\" class=\"attachment-large size-large\" alt=\"\" srcset=\"https:\/\/www.lenotti.com\/wp-content\/uploads\/2025\/08\/CCF_000078_01-727x1024.jpg 727w, https:\/\/www.lenotti.com\/wp-content\/uploads\/2025\/08\/CCF_000078_01-213x300.jpg 213w, https:\/\/www.lenotti.com\/wp-content\/uploads\/2025\/08\/CCF_000078_01-9x12.jpg 9w, https:\/\/www.lenotti.com\/wp-content\/uploads\/2025\/08\/CCF_000078_01-630x888.jpg 630w, https:\/\/www.lenotti.com\/wp-content\/uploads\/2025\/08\/CCF_000078_01-315x444.jpg 315w, https:\/\/www.lenotti.com\/wp-content\/uploads\/2025\/08\/CCF_000078_01.jpg 755w\" sizes=\"auto, (max-width: 727px) 100vw, 727px\" \/><\/div><!-- Story Description --><div class=\"twae-description\"><p style=\"text-align: center\"><strong>Foto von 1928: Auf diesem Bild ist in der Mitte Alessandro Lenotti zu sehen, der dank seiner tiefen Verbundenheit mit seinem Land und seiner unterst\u00fctzenden Familie das Unternehmen weiter wachsen l\u00e4sst. Es sind schwierige Jahre, aber die Familie Lenotti festigt ihre Pr\u00e4senz in der Region Bardolino und Valpolicella, wobei die neuen Generationen mit gro\u00dfer Leidenschaft zwischen Weinbergen und Olivenhainen aufwachsen. <\/strong><\/p><\/div><\/div><\/div><!-- Start of Story Repeater Content --><div id=\"story-6b8e248\" class=\"twae-story twae-repeater-item twae-story-right twae-story-no-icon\"><!-- Story Label --><div class=\"twae-labels\"><div class=\"twae-label-big\">1934<\/div><\/div><!-- Story Icon --><div class=\"twae-icon\"><i aria-hidden=\"true\" class=\"fas fa-wine-glass\"><\/i><\/div><!-- Story Arrow --><div class=\"twae-arrow\"><\/div><!-- Start of Story Content --><div class=\"twae-content\"><!-- Story Title --><div class=\"twae-title\">Ermenegildo Lenotti \u00fcbernimmt das Familienunternehmen<\/div><!-- Story Image --><div class=\"twae-media large\"><img loading=\"lazy\" decoding=\"async\" width=\"774\" height=\"1024\" src=\"https:\/\/www.lenotti.com\/wp-content\/uploads\/2024\/11\/Ermenegildo-Lenotti-774x1024.jpg\" class=\"attachment-large size-large\" alt=\"\" srcset=\"https:\/\/www.lenotti.com\/wp-content\/uploads\/2024\/11\/Ermenegildo-Lenotti-774x1024.jpg 774w, https:\/\/www.lenotti.com\/wp-content\/uploads\/2024\/11\/Ermenegildo-Lenotti-227x300.jpg 227w, https:\/\/www.lenotti.com\/wp-content\/uploads\/2024\/11\/Ermenegildo-Lenotti-768x1016.jpg 768w, https:\/\/www.lenotti.com\/wp-content\/uploads\/2024\/11\/Ermenegildo-Lenotti-1161x1536.jpg 1161w, https:\/\/www.lenotti.com\/wp-content\/uploads\/2024\/11\/Ermenegildo-Lenotti-1548x2048.jpg 1548w, https:\/\/www.lenotti.com\/wp-content\/uploads\/2024\/11\/Ermenegildo-Lenotti-9x12.jpg 9w, https:\/\/www.lenotti.com\/wp-content\/uploads\/2024\/11\/Ermenegildo-Lenotti-630x834.jpg 630w, https:\/\/www.lenotti.com\/wp-content\/uploads\/2024\/11\/Ermenegildo-Lenotti-1260x1667.jpg 1260w, https:\/\/www.lenotti.com\/wp-content\/uploads\/2024\/11\/Ermenegildo-Lenotti-315x417.jpg 315w, https:\/\/www.lenotti.com\/wp-content\/uploads\/2024\/11\/Ermenegildo-Lenotti-scaled.jpg 1935w\" sizes=\"auto, (max-width: 774px) 100vw, 774px\" \/><\/div><!-- Story Description --><div class=\"twae-description\"><p style=\"text-align: center\"><span style=\"font-size: 14pt\"><strong>Nach 19 Jahren im Ausland kehrte Ermenegildo Lenotti 1934 aus S\u00fcdamerika zur\u00fcck. Als Chemie- und \u00d6nologieexperte, der die Welt des Weins dank der Lehren seines Vaters Alessandro sehr gut kannte, beschloss er, den Weinkeller zu verlegen, da er zu klein war, um alle Trauben der Familie aufzunehmen. Von der Villa \u201ei Broi\u201c zog er n\u00e4her an die Stadt, an den heutigen Standort der Cantine Lenotti in der Via Santa Cristina, wo er die eigenen Trauben der Familie vinifizierte und auch zus\u00e4tzliche Trauben zukaufte. Der produzierte Wein wurde lose in Korbflaschen an Gasth\u00e4user in der Umgebung und an einige H\u00e4ndler in Norditalien verkauft. <\/strong><\/span><\/p><\/div><\/div><\/div><!-- Start of Story Repeater Content --><div id=\"story-ace9e9a\" class=\"twae-story twae-repeater-item twae-story-left twae-story-no-icon\"><!-- Story Label --><div class=\"twae-labels\"><div class=\"twae-label-big\">1941<\/div><\/div><!-- Story Icon --><div class=\"twae-icon\"><i aria-hidden=\"true\" class=\"far fa-clock\"><\/i><\/div><!-- Story Arrow --><div class=\"twae-arrow\"><\/div><!-- Start of Story Content --><div class=\"twae-content\"><!-- Story Title --><div class=\"twae-title\">Ermenegildo heiratet Amelia<\/div><!-- Story Image --><div class=\"twae-media large\"><img loading=\"lazy\" decoding=\"async\" width=\"1012\" height=\"753\" src=\"https:\/\/www.lenotti.com\/wp-content\/uploads\/2025\/08\/CCF_000076_01.jpg\" class=\"attachment-large size-large\" alt=\"\" srcset=\"https:\/\/www.lenotti.com\/wp-content\/uploads\/2025\/08\/CCF_000076_01.jpg 1012w, https:\/\/www.lenotti.com\/wp-content\/uploads\/2025\/08\/CCF_000076_01-300x223.jpg 300w, https:\/\/www.lenotti.com\/wp-content\/uploads\/2025\/08\/CCF_000076_01-768x571.jpg 768w, https:\/\/www.lenotti.com\/wp-content\/uploads\/2025\/08\/CCF_000076_01-16x12.jpg 16w, https:\/\/www.lenotti.com\/wp-content\/uploads\/2025\/08\/CCF_000076_01-630x469.jpg 630w, https:\/\/www.lenotti.com\/wp-content\/uploads\/2025\/08\/CCF_000076_01-315x234.jpg 315w\" sizes=\"auto, (max-width: 1012px) 100vw, 1012px\" \/><\/div><!-- Story Description --><div class=\"twae-description\"><p style=\"text-align: center\"><strong>Im Jahr 1941 heiratete Ermenegildo Lenotti Amelia Baietta. Die Fotografie zeigt sie bei der Abreise zu ihrer Hochzeitsreise. Trotz des andauernden Krieges und vieler Schwierigkeiten wurde die Weinbautradition der Familie fortgesetzt. Um seine Familie und das Gesch\u00e4ft zu erhalten, wurde Ermenegildo auch Verk\u00e4ufer von \u00f6nologischen Produkten f\u00fcr die Weinkeller in der Umgebung und richtete ein kleines Lager neben dem Weinkeller ein.<\/strong><\/p><\/div><\/div><\/div><!-- Start of Story Repeater Content --><div id=\"story-60f297c\" class=\"twae-story twae-repeater-item twae-story-right twae-story-no-icon\"><!-- Story Label --><div class=\"twae-labels\"><div class=\"twae-label-big\">1943<\/div><\/div><!-- Story Icon --><div class=\"twae-icon\"><i aria-hidden=\"true\" class=\"fas fa-wine-glass\"><\/i><\/div><!-- Story Arrow --><div class=\"twae-arrow\"><\/div><!-- Start of Story Content --><div class=\"twae-content\"><!-- Story Title --><div class=\"twae-title\">Giancarlo Lenotti \u2013 die dritte Generation<\/div><!-- Story Image --><div class=\"twae-media large\"><img loading=\"lazy\" decoding=\"async\" width=\"730\" height=\"1024\" src=\"https:\/\/www.lenotti.com\/wp-content\/uploads\/2024\/11\/Giancarlo-Lenotti-2-730x1024.jpg\" class=\"attachment-large size-large\" alt=\"\" srcset=\"https:\/\/www.lenotti.com\/wp-content\/uploads\/2024\/11\/Giancarlo-Lenotti-2-730x1024.jpg 730w, https:\/\/www.lenotti.com\/wp-content\/uploads\/2024\/11\/Giancarlo-Lenotti-2-214x300.jpg 214w, https:\/\/www.lenotti.com\/wp-content\/uploads\/2024\/11\/Giancarlo-Lenotti-2-768x1077.jpg 768w, https:\/\/www.lenotti.com\/wp-content\/uploads\/2024\/11\/Giancarlo-Lenotti-2-9x12.jpg 9w, https:\/\/www.lenotti.com\/wp-content\/uploads\/2024\/11\/Giancarlo-Lenotti-2-630x884.jpg 630w, https:\/\/www.lenotti.com\/wp-content\/uploads\/2024\/11\/Giancarlo-Lenotti-2-315x442.jpg 315w, https:\/\/www.lenotti.com\/wp-content\/uploads\/2024\/11\/Giancarlo-Lenotti-2.jpg 882w\" sizes=\"auto, (max-width: 730px) 100vw, 730px\" \/><\/div><!-- Story Description --><div class=\"twae-description\"><p style=\"text-align: center\"><strong>Giancarlo, der Sohn von Ermenegildo und Amelia, wurde am 22. November 1943 geboren. Schon von klein auf zeigte er gro\u00dfes Interesse an der Arbeit seines Vaters, reiste oft mit ihm zum Verkauf von \u00f6nologischen Produkten und half ihm bei der Vinifizierung und Vermarktung der Familienweine. Von einer starken Berufung in diesem Sektor angetrieben, beschloss er, ein Studium als Landwirtschaftsexperte an der prestigetr\u00e4chtigen Schule in Conegliano aufzunehmen, wo er 1964 mit Auszeichnung als \u201e\u00d6nologe\u201c abschloss und bis 1969 in einem wichtigen Weinkeller in Sona arbeitete, um seine Erfahrung zu erweitern.<\/strong><\/p><\/div><\/div><\/div><!-- Start of Story Repeater Content --><div id=\"story-829efb0\" class=\"twae-story twae-repeater-item twae-story-left twae-story-no-icon\"><!-- Story Label --><div class=\"twae-labels\"><div class=\"twae-label-big\">1969<\/div><\/div><!-- Story Icon --><div class=\"twae-icon\"><i aria-hidden=\"true\" class=\"fas fa-wine-glass\"><\/i><\/div><!-- Story Arrow --><div class=\"twae-arrow\"><\/div><!-- Start of Story Content --><div class=\"twae-content\"><!-- Story Title --><div class=\"twae-title\">Die ersten Lenotti-Weinabf\u00fcllungen und die Erweiterung des Familienweinkellers <\/div><!-- Story Image --><div class=\"twae-media large\"><img loading=\"lazy\" decoding=\"async\" width=\"688\" height=\"464\" src=\"https:\/\/www.lenotti.com\/wp-content\/uploads\/2025\/11\/grok-video-c8baed16-97db-4e90-bb6c-48fdee5eef98-mp4-image.jpg\" class=\"attachment-large size-large\" alt=\"\" srcset=\"https:\/\/www.lenotti.com\/wp-content\/uploads\/2025\/11\/grok-video-c8baed16-97db-4e90-bb6c-48fdee5eef98-mp4-image.jpg 688w, https:\/\/www.lenotti.com\/wp-content\/uploads\/2025\/11\/grok-video-c8baed16-97db-4e90-bb6c-48fdee5eef98-mp4-image-300x202.jpg 300w, https:\/\/www.lenotti.com\/wp-content\/uploads\/2025\/11\/grok-video-c8baed16-97db-4e90-bb6c-48fdee5eef98-mp4-image-18x12.jpg 18w, https:\/\/www.lenotti.com\/wp-content\/uploads\/2025\/11\/grok-video-c8baed16-97db-4e90-bb6c-48fdee5eef98-mp4-image-630x425.jpg 630w, https:\/\/www.lenotti.com\/wp-content\/uploads\/2025\/11\/grok-video-c8baed16-97db-4e90-bb6c-48fdee5eef98-mp4-image-315x212.jpg 315w\" sizes=\"auto, (max-width: 688px) 100vw, 688px\" \/><\/div><!-- Story Description --><div class=\"twae-description\"><p style=\"text-align: center\"><strong>Giancarlo Lenotti f\u00fchrte 1969 dank seines Studiums und seiner gesammelten Erfahrung innovative, f\u00fcr diese Zeit, revolution\u00e4re Produktionstechniken in das Unternehmen ein. Mit dem Traum, seinen Wein direkt in Flaschen auch au\u00dferhalb des lokalen Bereichs zu vermarkten, und stets mit dem Ziel, seinen Kunden hochwertige Weine zu fairen Preisen anzubieten, begann Giancarlo mit der Abf\u00fcllt\u00e4tigkeit und erweiterte den Weinkeller durch den Bau der ersten sterilen, Niedertemperatur-Abf\u00fcllanlage und der ersten klimatisierten Lagerhallen.\u00a0<\/strong><\/p><\/div><\/div><\/div><!-- Start of Story Repeater Content --><div id=\"story-a380d40\" class=\"twae-story twae-repeater-item twae-story-right twae-story-no-icon\"><!-- Story Label --><div class=\"twae-labels\"><div class=\"twae-label-big\">1972<\/div><\/div><!-- Story Icon --><div class=\"twae-icon\"><i aria-hidden=\"true\" class=\"fas fa-wine-glass\"><\/i><\/div><!-- Story Arrow --><div class=\"twae-arrow\"><\/div><!-- Start of Story Content --><div class=\"twae-content\"><!-- Story Title --><div class=\"twae-title\">Die erste vollst\u00e4ndige Weinlinie von Lenotti kommt auf den Markt<\/div><!-- Story Image --><div class=\"twae-media large\"><img loading=\"lazy\" decoding=\"async\" width=\"1024\" height=\"768\" src=\"https:\/\/www.lenotti.com\/wp-content\/uploads\/2023\/08\/Bottiglie-Lenotti-anni-70_01-1024x768.jpg\" class=\"attachment-large size-large\" alt=\"\" srcset=\"https:\/\/www.lenotti.com\/wp-content\/uploads\/2023\/08\/Bottiglie-Lenotti-anni-70_01-1024x768.jpg 1024w, https:\/\/www.lenotti.com\/wp-content\/uploads\/2023\/08\/Bottiglie-Lenotti-anni-70_01-300x225.jpg 300w, https:\/\/www.lenotti.com\/wp-content\/uploads\/2023\/08\/Bottiglie-Lenotti-anni-70_01-768x576.jpg 768w, https:\/\/www.lenotti.com\/wp-content\/uploads\/2023\/08\/Bottiglie-Lenotti-anni-70_01-1536x1152.jpg 1536w, https:\/\/www.lenotti.com\/wp-content\/uploads\/2023\/08\/Bottiglie-Lenotti-anni-70_01-2048x1536.jpg 2048w, https:\/\/www.lenotti.com\/wp-content\/uploads\/2023\/08\/Bottiglie-Lenotti-anni-70_01-16x12.jpg 16w, https:\/\/www.lenotti.com\/wp-content\/uploads\/2023\/08\/Bottiglie-Lenotti-anni-70_01-630x473.jpg 630w, https:\/\/www.lenotti.com\/wp-content\/uploads\/2023\/08\/Bottiglie-Lenotti-anni-70_01-1260x945.jpg 1260w, https:\/\/www.lenotti.com\/wp-content\/uploads\/2023\/08\/Bottiglie-Lenotti-anni-70_01-315x236.jpg 315w, https:\/\/www.lenotti.com\/wp-content\/uploads\/2023\/08\/elementor\/thumbs\/Bottiglie-Lenotti-anni-70_01-qalpnkkd4if94xm4k0jbsoo6k30g8ojcps1cemr4vk.jpg 800w\" sizes=\"auto, (max-width: 1024px) 100vw, 1024px\" \/><\/div><!-- Story Description --><div class=\"twae-description\"><p style=\"text-align: center\"><strong>Im Jahr 1972 kam die erste abgef\u00fcllte und etikettierte Lenotti-Linie auf den Markt, welche die gro\u00dfen Klassiker der Region umfasste: Bardolino DOC Classico, Chiaretto di Bardolino DOC Classico, Soave DOC Classico, Valpolicella DOC Classico, Recioto della Valpolicella DOCG Classico und Amarone della Valpolicella DOCG Classico. Der erste Jahrgang, in dem alle diese Weine erfolgreich produziert und vermarktet werden konnten, war 1971, mit Ausnahme des Amarone, der zum ersten Mal 1969 geerntet und vinifiziert wurde.<\/strong><\/p><\/div><\/div><\/div><!-- Start of Story Repeater Content --><div id=\"story-8cae03e\" class=\"twae-story twae-repeater-item twae-story-left twae-story-no-icon\"><!-- Story Label --><div class=\"twae-labels\"><div class=\"twae-label-big\">1980<\/div><\/div><!-- Story Icon --><div class=\"twae-icon\"><i aria-hidden=\"true\" class=\"fas fa-wine-glass\"><\/i><\/div><!-- Story Arrow --><div class=\"twae-arrow\"><\/div><!-- Start of Story Content --><div class=\"twae-content\"><!-- Story Title --><div class=\"twae-title\">Der Weinkeller wird erweitert <\/div><!-- Story Image --><div class=\"twae-media large\"><img loading=\"lazy\" decoding=\"async\" width=\"688\" height=\"464\" src=\"https:\/\/www.lenotti.com\/wp-content\/uploads\/2025\/11\/Lavori-di-ampliamento-gif-1.gif\" class=\"attachment-large size-large\" alt=\"\" \/><\/div><!-- Story Description --><div class=\"twae-description\"><p style=\"text-align: center\"><strong>Giancarlos Intuition, sich auf die Produktion von Qualit\u00e4tsweinen und die Direktvermarktung in Flaschen zu konzentrieren, erwies sich als erfolgreich. Die wachsende Nachfrage, insbesondere im Ausland, erforderte eine Produktionssteigerung und die Notwendigkeit, die Betriebsfl\u00e4chen weiter zu erweitern. Im Jahr 1980 wurden das Familienhaus und die urspr\u00fcnglichen Produktionsstrukturen komplett renoviert und erweitert. Die Betriebsfl\u00e4che verdoppelte sich.<\/strong><\/p><\/div><\/div><\/div><!-- Start of Story Repeater Content --><div id=\"story-3ff9d59\" class=\"twae-story twae-repeater-item twae-story-right twae-story-no-icon\"><!-- Story Label --><div class=\"twae-labels\"><div class=\"twae-label-big\">1987<\/div><\/div><!-- Story Icon --><div class=\"twae-icon\"><i aria-hidden=\"true\" class=\"fas fa-wine-glass\"><\/i><\/div><!-- Story Arrow --><div class=\"twae-arrow\"><\/div><!-- Start of Story Content --><div class=\"twae-content\"><!-- Story Title --><div class=\"twae-title\">Claudio Lenotti \u2013 die vierte Generation und die Bedeutung des Exports. <\/div><!-- Story Image --><div class=\"twae-media large\"><img loading=\"lazy\" decoding=\"async\" width=\"1024\" height=\"768\" src=\"https:\/\/www.lenotti.com\/wp-content\/uploads\/2022\/02\/FAMIGLIABOTTI-2-1024x768.jpg\" class=\"attachment-large size-large\" alt=\"\" srcset=\"https:\/\/www.lenotti.com\/wp-content\/uploads\/2022\/02\/FAMIGLIABOTTI-2-1024x768.jpg 1024w, https:\/\/www.lenotti.com\/wp-content\/uploads\/2022\/02\/FAMIGLIABOTTI-2-315x236.jpg 315w, https:\/\/www.lenotti.com\/wp-content\/uploads\/2022\/02\/FAMIGLIABOTTI-2-630x472.jpg 630w, https:\/\/www.lenotti.com\/wp-content\/uploads\/2022\/02\/FAMIGLIABOTTI-2-300x225.jpg 300w, https:\/\/www.lenotti.com\/wp-content\/uploads\/2022\/02\/FAMIGLIABOTTI-2-768x576.jpg 768w, https:\/\/www.lenotti.com\/wp-content\/uploads\/2022\/02\/FAMIGLIABOTTI-2-1536x1152.jpg 1536w, https:\/\/www.lenotti.com\/wp-content\/uploads\/2022\/02\/FAMIGLIABOTTI-2-2048x1536.jpg 2048w, https:\/\/www.lenotti.com\/wp-content\/uploads\/2022\/02\/FAMIGLIABOTTI-2-16x12.jpg 16w, https:\/\/www.lenotti.com\/wp-content\/uploads\/2022\/02\/FAMIGLIABOTTI-2-1260x945.jpg 1260w\" sizes=\"auto, (max-width: 1024px) 100vw, 1024px\" \/><\/div><!-- Story Description --><div class=\"twae-description\"><p style=\"text-align: center\"><strong>Im Jahr 1987 begann Claudio Lenotti, direkt nach dem Schulabschluss, im Weinkeller zu arbeiten und nahm gleichzeitig sein Universit\u00e4tsstudium auf, das ihn bald zum Abschluss in Betriebswirtschaft, Marketing und Sprachen f\u00fchrte. Er arbeitete an der Seite seines Vaters Giancarlo, des \u00d6nologen und Produktionsleiters, und seiner Mutter Marina, die f\u00fcr den Vertrieb in Italien zust\u00e4ndig war. Schon bald gelang es ihm, die Auslandsums\u00e4tze zu steigern, wodurch das Unternehmen im Laufe der Zeit \u00fcber 90% seiner Produktion in mehr als 40 verschiedene L\u00e4nder exportierte.<\/strong><\/p><\/div><\/div><\/div><!-- Start of Story Repeater Content --><div id=\"story-1418c0d\" class=\"twae-story twae-repeater-item twae-story-left twae-story-no-icon\"><!-- Story Label --><div class=\"twae-labels\"><div class=\"twae-label-big\">2005<\/div><\/div><!-- Story Icon --><div class=\"twae-icon\"><i aria-hidden=\"true\" class=\"fas fa-wine-glass\"><\/i><\/div><!-- Story Arrow --><div class=\"twae-arrow\"><\/div><!-- Start of Story Content --><div class=\"twae-content\"><!-- Story Title --><div class=\"twae-title\">Eine komplett neue Produktion<\/div><!-- Story Image --><div class=\"twae-media large\"><img loading=\"lazy\" decoding=\"async\" width=\"1024\" height=\"576\" src=\"https:\/\/www.lenotti.com\/wp-content\/uploads\/2026\/02\/Gif-Imbottigliamento-1.gif\" class=\"attachment-large size-large\" alt=\"\" \/><\/div><!-- Story Description --><div class=\"twae-description\"><p style=\"text-align: center\"><strong>Die Produktionsanlagen der Cantine Lenotti wurden im Laufe der Geschichte mehrfach erweitert (1969-1980-1988-1991-1996-2004\/2005-2015). Die bedeutendste Erweiterung fand 2005 statt und f\u00fchrte zu einer vollst\u00e4ndigen Umstrukturierung mit der kompletten Erneuerung des G\u00e4rkellers, des Barrique-Lagers, der Abf\u00fcllanlage und der Installation einer imposanten Solaranlage, die in der Lage ist, die Energieautonomie f\u00fcr die Warmwasser- und Heizungsproduktion zu gew\u00e4hrleisten und somit die Umweltbelastung und den Energieverbrauch drastisch zu senken.<\/strong><\/p><\/div><\/div><\/div><!-- Start of Story Repeater Content --><div id=\"story-e95f95a\" class=\"twae-story twae-repeater-item twae-story-right twae-story-no-icon\"><!-- Story Label --><div class=\"twae-labels\"><div class=\"twae-label-big\">2015<\/div><\/div><!-- Story Icon --><div class=\"twae-icon\"><i aria-hidden=\"true\" class=\"fas fa-wine-glass\"><\/i><\/div><!-- Story Arrow --><div class=\"twae-arrow\"><\/div><!-- Start of Story Content --><div class=\"twae-content\"><!-- Story Title --><div class=\"twae-title\">Hin zur vollst\u00e4ndigen Energieunabh\u00e4ngigkeit <\/div><!-- Story Image --><div class=\"twae-media large\"><img loading=\"lazy\" decoding=\"async\" width=\"640\" height=\"480\" src=\"https:\/\/www.lenotti.com\/wp-content\/uploads\/2025\/11\/Fotovoltaico-gif.gif\" class=\"attachment-large size-large\" alt=\"\" \/><\/div><!-- Story Description --><div class=\"twae-description\"><p style=\"text-align: center\"><strong>Im Jahr 2015 wurde ein neuer Lagerbereich gebaut, der f\u00fcr die Reifung von Rotweinen in der Flasche und die Lagerung aller Versandweine bei kontrollierter Temperatur bestimmt ist. Auf den D\u00e4chern des Unternehmens wurde eine bedeutende Photovoltaikanlage installiert, die in der Lage ist, die totale Energieautonomie des Weinkellers zu gew\u00e4hrleisten. <\/strong><\/p><\/div><\/div><\/div><!-- Start of Story Repeater Content --><div id=\"story-12eca7f\" class=\"twae-story twae-repeater-item twae-story-left twae-story-no-icon\"><!-- Story Label --><div class=\"twae-labels\"><div class=\"twae-label-big\">Heute<\/div><\/div><!-- Story Icon --><div class=\"twae-icon\"><i aria-hidden=\"true\" class=\"fas fa-wine-glass\"><\/i><\/div><!-- Story Arrow --><div class=\"twae-arrow\"><\/div><!-- Start of Story Content --><div class=\"twae-content\"><!-- Story Title --><div class=\"twae-title\">Cantine Lenotti heute<\/div><!-- Story Image --><div class=\"twae-media medium_large\"><img loading=\"lazy\" decoding=\"async\" width=\"768\" height=\"576\" src=\"https:\/\/www.lenotti.com\/wp-content\/uploads\/2026\/01\/Progetto-senza-titolo-3.gif\" class=\"attachment-medium_large size-medium_large\" alt=\"\" \/><\/div><!-- Story Description --><div class=\"twae-description\"><p><strong>Heute verf\u00fcgt der Weinkeller \u00fcber eine Produktionskapazit\u00e4t von etwa 30.000 Hektolitern, aufgeteilt in 150 Edelstahltanks (die seit jeher <\/strong><strong>als Garant f\u00fcr maximale Hygiene und Sicherheit gelten), 40 Eichenf\u00e4sser zu je 25 Hektolitern und \u00fcber 1.000 Barriques zu 300 und 500 Litern. Diese werden f\u00fcr die Reifung der gro\u00dfen Rotweine verwendet: \u201eAmarone DOCG Classico\u201c, \u201eDi Carlo\u201c, \u201eRipasso Valpolicella DOC Classico Superiore\u201c, \u201eCabernet Sauvignon IGT Veneto\u201c, sowie die Spezialit\u00e4ten \u201eMassimo\u201c, \u201eLe Olle\u201c, \u201eDecus Ripasso\u201c und \u201eRosso Passo Collezione in Botte\u201c. Dar\u00fcber hinaus verf\u00fcgt der Betrieb \u00fcber eine hochmoderne Abf\u00fcllanlage, die alle Produktionsanforderungen vollst\u00e4ndig erf\u00fcllen kann.<\/strong><br \/><strong>Das Unternehmen ist seit Jahren nach dem Qualit\u00e4tsmanagementsystem UNI EN ISO 9001:2015 zertifiziert.<\/strong><\/p><\/div><\/div><\/div><\/div>\r\n    <div class=\"twae-end\"><\/div>\r\n    <\/div><style type=\"text\/css\">@media (max-width: 1024px){ .twae-wrapper{--tw-ybx-size: 80px !important;}}@media (max-width: 767px){ .twae-wrapper{--tw-ybx-size: 80px !important}}<\/style>\t\t<\/div>\n\t\t\t\t<\/div>\n\t\t\t\t\t<\/div>\n\t\t<\/div>\n\t\t\t\t\t\t\t<\/div>\n\t\t<\/section>\n\t\t\t\t\t\t\t<\/div>","protected":false},"excerpt":{"rendered":"<p>D a l 1 9 0 6 \u2026 a d o g g i 1855Il fondatore: Alessandro Lenotti Nel 1855 nasce Alessandro Lenotti, alto magistrato e proprietario terriero, dedica la sua vita al suo lavoro di magistrato e alla sua pi\u00f9 grande passione: il vino. Sar\u00e0 la prima generazione della famiglia a dedicarsi alla viticoltura&#8230;.<\/p>","protected":false},"author":1,"featured_media":0,"parent":0,"menu_order":0,"comment_status":"closed","ping_status":"closed","template":"","meta":{"_mo_disable_npp":"","footnotes":""},"class_list":["post-998134","page","type-page","status-publish","hentry"],"_links":{"self":[{"href":"https:\/\/www.lenotti.com\/de\/wp-json\/wp\/v2\/pages\/998134","targetHints":{"allow":["GET"]}}],"collection":[{"href":"https:\/\/www.lenotti.com\/de\/wp-json\/wp\/v2\/pages"}],"about":[{"href":"https:\/\/www.lenotti.com\/de\/wp-json\/wp\/v2\/types\/page"}],"author":[{"embeddable":true,"href":"https:\/\/www.lenotti.com\/de\/wp-json\/wp\/v2\/users\/1"}],"replies":[{"embeddable":true,"href":"https:\/\/www.lenotti.com\/de\/wp-json\/wp\/v2\/comments?post=998134"}],"version-history":[{"count":235,"href":"https:\/\/www.lenotti.com\/de\/wp-json\/wp\/v2\/pages\/998134\/revisions"}],"predecessor-version":[{"id":1002718,"href":"https:\/\/www.lenotti.com\/de\/wp-json\/wp\/v2\/pages\/998134\/revisions\/1002718"}],"wp:attachment":[{"href":"https:\/\/www.lenotti.com\/de\/wp-json\/wp\/v2\/media?parent=998134"}],"curies":[{"name":"wp","href":"https:\/\/api.w.org\/{rel}","templated":true}]}}